{"id":171,"date":"2016-10-23T09:48:03","date_gmt":"2016-10-23T09:48:03","guid":{"rendered":"http:\/\/www.artesaniaramirezruiz.com\/producto\/zurron-piel-cabra-dos-bolsillos\/?lang=fr"},"modified":"2017-01-28T10:49:02","modified_gmt":"2017-01-28T10:49:02","slug":"sac-a-dos-peau-chevre-deux-poches","status":"publish","type":"product","link":"https:\/\/artesaniaramirezruiz.com\/fr\/producto\/sac-a-dos-peau-chevre-deux-poches\/","title":{"rendered":"Sac \u00e0 dos peau ch\u00e8vre deux poches"},"content":{"rendered":"","protected":false},"excerpt":{"rendered":"<p>REF0010<\/p>\n<p>Sac \u00e0 dos de deux poches en peau de ch\u00e8vre meilleur qualit\u00e9. Inclue sac int\u00e9rieur imperm\u00e9able. (Toutes nos peaux ont \u00e9t\u00e9 trait\u00e9es de forme naturelle sans aucun ajout de produits chimiques).<\/p>\n","protected":false},"featured_media":1099,"comment_status":"closed","ping_status":"closed","template":"","meta":[],"product_cat":[68,69],"product_tag":[],"yoast_head":"<!-- This site is optimized with the Yoast SEO plugin v18.9 - https:\/\/yoast.com\/wordpress\/plugins\/seo\/ -->\n<title>Sac \u00e0 dos peau ch\u00e8vre deux poches - Artesan\u00eda Ram\u00edrez Ruiz<\/title>\n<meta name=\"robots\" content=\"index, follow, max-snippet:-1, max-image-preview:large, max-video-preview:-1\" \/>\n<link rel=\"canonical\" href=\"https:\/\/artesaniaramirezruiz.com\/fr\/producto\/sac-a-dos-peau-chevre-deux-poches\/\" \/>\n<meta property=\"og:locale\" content=\"fr_FR\" \/>\n<meta property=\"og:type\" content=\"article\" \/>\n<meta property=\"og:title\" content=\"Sac \u00e0 dos peau ch\u00e8vre deux poches - Artesan\u00eda Ram\u00edrez Ruiz\" \/>\n<meta property=\"og:description\" content=\"REF0010  Sac \u00e0 dos de deux poches en peau de ch\u00e8vre meilleur qualit\u00e9. Inclue sac int\u00e9rieur imperm\u00e9able. (Toutes nos peaux ont \u00e9t\u00e9 trait\u00e9es de forme naturelle sans aucun ajout de produits chimiques).\" \/>\n<meta property=\"og:url\" content=\"https:\/\/artesaniaramirezruiz.com\/fr\/producto\/sac-a-dos-peau-chevre-deux-poches\/\" \/>\n<meta property=\"og:site_name\" content=\"Artesan\u00eda Ram\u00edrez Ruiz\" \/>\n<meta property=\"article:publisher\" content=\"https:\/\/www.facebook.com\/ArtesaniaRamirezRuiz\/\" \/>\n<meta property=\"article:modified_time\" content=\"2017-01-28T10:49:02+00:00\" \/>\n<meta property=\"og:image\" content=\"https:\/\/artesaniaramirezruiz.com\/wp-content\/uploads\/2016\/12\/REF0010.png\" \/>\n\t<meta property=\"og:image:width\" content=\"900\" \/>\n\t<meta property=\"og:image:height\" content=\"900\" \/>\n\t<meta property=\"og:image:type\" content=\"image\/png\" \/>\n<meta name=\"twitter:card\" content=\"summary\" \/>\n<script type=\"application\/ld+json\" class=\"yoast-schema-graph\">{\"@context\":\"https:\/\/schema.org\",\"@graph\":[{\"@type\":\"Organization\",\"@id\":\"https:\/\/artesaniaramirezruiz.com\/#organization\",\"name\":\"Artesan\u00eda Ram\u00edrez Ruiz\",\"url\":\"https:\/\/artesaniaramirezruiz.com\/\",\"sameAs\":[\"https:\/\/www.facebook.com\/ArtesaniaRamirezRuiz\/\"],\"logo\":{\"@type\":\"ImageObject\",\"inLanguage\":\"fr-FR\",\"@id\":\"https:\/\/artesaniaramirezruiz.com\/#\/schema\/logo\/image\/\",\"url\":\"https:\/\/artesaniaramirezruiz.com\/wp-content\/uploads\/2017\/01\/Logo152x51-gold.png\",\"contentUrl\":\"https:\/\/artesaniaramirezruiz.com\/wp-content\/uploads\/2017\/01\/Logo152x51-gold.png\",\"width\":298,\"height\":99,\"caption\":\"Artesan\u00eda Ram\u00edrez Ruiz\"},\"image\":{\"@id\":\"https:\/\/artesaniaramirezruiz.com\/#\/schema\/logo\/image\/\"}},{\"@type\":\"WebSite\",\"@id\":\"https:\/\/artesaniaramirezruiz.com\/#website\",\"url\":\"https:\/\/artesaniaramirezruiz.com\/\",\"name\":\"Artesan\u00eda Ram\u00edrez Ruiz\",\"description\":\"Otro sitio realizado con WordPress\",\"publisher\":{\"@id\":\"https:\/\/artesaniaramirezruiz.com\/#organization\"},\"potentialAction\":[{\"@type\":\"SearchAction\",\"target\":{\"@type\":\"EntryPoint\",\"urlTemplate\":\"https:\/\/artesaniaramirezruiz.com\/?s={search_term_string}\"},\"query-input\":\"required name=search_term_string\"}],\"inLanguage\":\"fr-FR\"},{\"@type\":\"ImageObject\",\"inLanguage\":\"fr-FR\",\"@id\":\"https:\/\/artesaniaramirezruiz.com\/fr\/producto\/sac-a-dos-peau-chevre-deux-poches\/#primaryimage\",\"url\":\"https:\/\/artesaniaramirezruiz.com\/wp-content\/uploads\/2016\/12\/REF0010.png\",\"contentUrl\":\"https:\/\/artesaniaramirezruiz.com\/wp-content\/uploads\/2016\/12\/REF0010.png\",\"width\":900,\"height\":900},{\"@type\":\"WebPage\",\"@id\":\"https:\/\/artesaniaramirezruiz.com\/fr\/producto\/sac-a-dos-peau-chevre-deux-poches\/#webpage\",\"url\":\"https:\/\/artesaniaramirezruiz.com\/fr\/producto\/sac-a-dos-peau-chevre-deux-poches\/\",\"name\":\"Sac \u00e0 dos peau ch\u00e8vre deux poches - Artesan\u00eda Ram\u00edrez Ruiz\",\"isPartOf\":{\"@id\":\"https:\/\/artesaniaramirezruiz.com\/#website\"},\"primaryImageOfPage\":{\"@id\":\"https:\/\/artesaniaramirezruiz.com\/fr\/producto\/sac-a-dos-peau-chevre-deux-poches\/#primaryimage\"},\"datePublished\":\"2016-10-23T09:48:03+00:00\",\"dateModified\":\"2017-01-28T10:49:02+00:00\",\"breadcrumb\":{\"@id\":\"https:\/\/artesaniaramirezruiz.com\/fr\/producto\/sac-a-dos-peau-chevre-deux-poches\/#breadcrumb\"},\"inLanguage\":\"fr-FR\",\"potentialAction\":[{\"@type\":\"ReadAction\",\"target\":[\"https:\/\/artesaniaramirezruiz.com\/fr\/producto\/sac-a-dos-peau-chevre-deux-poches\/\"]}]},{\"@type\":\"BreadcrumbList\",\"@id\":\"https:\/\/artesaniaramirezruiz.com\/fr\/producto\/sac-a-dos-peau-chevre-deux-poches\/#breadcrumb\",\"itemListElement\":[{\"@type\":\"ListItem\",\"position\":1,\"name\":\"Portada\",\"item\":\"https:\/\/artesaniaramirezruiz.com\/fr\/\"},{\"@type\":\"ListItem\",\"position\":2,\"name\":\"Tienda\",\"item\":\"https:\/\/artesaniaramirezruiz.com\/tienda\/\"},{\"@type\":\"ListItem\",\"position\":3,\"name\":\"Sac \u00e0 dos peau ch\u00e8vre deux poches\"}]}]}<\/script>\n<!-- \/ Yoast SEO plugin. -->","yoast_head_json":{"title":"Sac \u00e0 dos peau ch\u00e8vre deux poches - Artesan\u00eda Ram\u00edrez Ruiz","robots":{"index":"index","follow":"follow","max-snippet":"max-snippet:-1","max-image-preview":"max-image-preview:large","max-video-preview":"max-video-preview:-1"},"canonical":"https:\/\/artesaniaramirezruiz.com\/fr\/producto\/sac-a-dos-peau-chevre-deux-poches\/","og_locale":"fr_FR","og_type":"article","og_title":"Sac \u00e0 dos peau ch\u00e8vre deux poches - Artesan\u00eda Ram\u00edrez Ruiz","og_description":"REF0010  Sac \u00e0 dos de deux poches en peau de ch\u00e8vre meilleur qualit\u00e9. Inclue sac int\u00e9rieur imperm\u00e9able. (Toutes nos peaux ont \u00e9t\u00e9 trait\u00e9es de forme naturelle sans aucun ajout de produits chimiques).","og_url":"https:\/\/artesaniaramirezruiz.com\/fr\/producto\/sac-a-dos-peau-chevre-deux-poches\/","og_site_name":"Artesan\u00eda Ram\u00edrez Ruiz","article_publisher":"https:\/\/www.facebook.com\/ArtesaniaRamirezRuiz\/","article_modified_time":"2017-01-28T10:49:02+00:00","og_image":[{"width":900,"height":900,"url":"https:\/\/artesaniaramirezruiz.com\/wp-content\/uploads\/2016\/12\/REF0010.png","type":"image\/png"}],"twitter_card":"summary","schema":{"@context":"https:\/\/schema.org","@graph":[{"@type":"Organization","@id":"https:\/\/artesaniaramirezruiz.com\/#organization","name":"Artesan\u00eda Ram\u00edrez Ruiz","url":"https:\/\/artesaniaramirezruiz.com\/","sameAs":["https:\/\/www.facebook.com\/ArtesaniaRamirezRuiz\/"],"logo":{"@type":"ImageObject","inLanguage":"fr-FR","@id":"https:\/\/artesaniaramirezruiz.com\/#\/schema\/logo\/image\/","url":"https:\/\/artesaniaramirezruiz.com\/wp-content\/uploads\/2017\/01\/Logo152x51-gold.png","contentUrl":"https:\/\/artesaniaramirezruiz.com\/wp-content\/uploads\/2017\/01\/Logo152x51-gold.png","width":298,"height":99,"caption":"Artesan\u00eda Ram\u00edrez Ruiz"},"image":{"@id":"https:\/\/artesaniaramirezruiz.com\/#\/schema\/logo\/image\/"}},{"@type":"WebSite","@id":"https:\/\/artesaniaramirezruiz.com\/#website","url":"https:\/\/artesaniaramirezruiz.com\/","name":"Artesan\u00eda Ram\u00edrez Ruiz","description":"Otro sitio realizado con WordPress","publisher":{"@id":"https:\/\/artesaniaramirezruiz.com\/#organization"},"potentialAction":[{"@type":"SearchAction","target":{"@type":"EntryPoint","urlTemplate":"https:\/\/artesaniaramirezruiz.com\/?s={search_term_string}"},"query-input":"required name=search_term_string"}],"inLanguage":"fr-FR"},{"@type":"ImageObject","inLanguage":"fr-FR","@id":"https:\/\/artesaniaramirezruiz.com\/fr\/producto\/sac-a-dos-peau-chevre-deux-poches\/#primaryimage","url":"https:\/\/artesaniaramirezruiz.com\/wp-content\/uploads\/2016\/12\/REF0010.png","contentUrl":"https:\/\/artesaniaramirezruiz.com\/wp-content\/uploads\/2016\/12\/REF0010.png","width":900,"height":900},{"@type":"WebPage","@id":"https:\/\/artesaniaramirezruiz.com\/fr\/producto\/sac-a-dos-peau-chevre-deux-poches\/#webpage","url":"https:\/\/artesaniaramirezruiz.com\/fr\/producto\/sac-a-dos-peau-chevre-deux-poches\/","name":"Sac \u00e0 dos peau ch\u00e8vre deux poches - Artesan\u00eda Ram\u00edrez Ruiz","isPartOf":{"@id":"https:\/\/artesaniaramirezruiz.com\/#website"},"primaryImageOfPage":{"@id":"https:\/\/artesaniaramirezruiz.com\/fr\/producto\/sac-a-dos-peau-chevre-deux-poches\/#primaryimage"},"datePublished":"2016-10-23T09:48:03+00:00","dateModified":"2017-01-28T10:49:02+00:00","breadcrumb":{"@id":"https:\/\/artesaniaramirezruiz.com\/fr\/producto\/sac-a-dos-peau-chevre-deux-poches\/#breadcrumb"},"inLanguage":"fr-FR","potentialAction":[{"@type":"ReadAction","target":["https:\/\/artesaniaramirezruiz.com\/fr\/producto\/sac-a-dos-peau-chevre-deux-poches\/"]}]},{"@type":"BreadcrumbList","@id":"https:\/\/artesaniaramirezruiz.com\/fr\/producto\/sac-a-dos-peau-chevre-deux-poches\/#breadcrumb","itemListElement":[{"@type":"ListItem","position":1,"name":"Portada","item":"https:\/\/artesaniaramirezruiz.com\/fr\/"},{"@type":"ListItem","position":2,"name":"Tienda","item":"https:\/\/artesaniaramirezruiz.com\/tienda\/"},{"@type":"ListItem","position":3,"name":"Sac \u00e0 dos peau ch\u00e8vre deux poches"}]}]}},"_links":{"self":[{"href":"https:\/\/artesaniaramirezruiz.com\/fr\/wp-json\/wp\/v2\/product\/171"}],"collection":[{"href":"https:\/\/artesaniaramirezruiz.com\/fr\/wp-json\/wp\/v2\/product"}],"about":[{"href":"https:\/\/artesaniaramirezruiz.com\/fr\/wp-json\/wp\/v2\/types\/product"}],"replies":[{"embeddable":true,"href":"https:\/\/artesaniaramirezruiz.com\/fr\/wp-json\/wp\/v2\/comments?post=171"}],"wp:featuredmedia":[{"embeddable":true,"href":"https:\/\/artesaniaramirezruiz.com\/fr\/wp-json\/wp\/v2\/media\/1099"}],"wp:attachment":[{"href":"https:\/\/artesaniaramirezruiz.com\/fr\/wp-json\/wp\/v2\/media?parent=171"}],"wp:term":[{"taxonomy":"product_cat","embeddable":true,"href":"https:\/\/artesaniaramirezruiz.com\/fr\/wp-json\/wp\/v2\/product_cat?post=171"},{"taxonomy":"product_tag","embeddable":true,"href":"https:\/\/artesaniaramirezruiz.com\/fr\/wp-json\/wp\/v2\/product_tag?post=171"}],"curies":[{"name":"wp","href":"https:\/\/api.w.org\/{rel}","templated":true}]}}