{"id":185,"date":"2016-10-23T10:01:13","date_gmt":"2016-10-23T10:01:13","guid":{"rendered":"http:\/\/www.artesaniaramirezruiz.com\/producto\/zurron-cuero-engrasado-un-bolsillo\/?lang=fr"},"modified":"2017-01-28T10:47:04","modified_gmt":"2017-01-28T10:47:04","slug":"sac-a-dos-cuir-graissee-une-poche","status":"publish","type":"product","link":"https:\/\/artesaniaramirezruiz.com\/fr\/producto\/sac-a-dos-cuir-graissee-une-poche\/","title":{"rendered":"Sac \u00e0 dos cuir graiss\u00e9e une poche"},"content":{"rendered":"","protected":false},"excerpt":{"rendered":"<p><select name=\"medida\"><option selected=\"selected\" value=\"0\">Mod\u00e8le<\/option><option value=\"\u201cAdulto\u201d\">Adulte &#8211; REF0014<\/option><option value=\"\u201cNi\u00f1o\u201d\">Enfant &#8211; REF0188<\/option><\/select><\/p>\n<p>Sac \u00e0 dos d\u2019une poche en cuir graiss\u00e9e de grande qualit\u00e9. Inclue sac int\u00e9rieur imperm\u00e9able. (Toutes nos peaux ont \u00e9t\u00e9 trait\u00e9es de forme naturelle sans aucun ajout de produits chimiques).<\/p>\n","protected":false},"featured_media":1063,"comment_status":"closed","ping_status":"closed","template":"","meta":[],"product_cat":[68,69],"product_tag":[],"yoast_head":"<!-- This site is optimized with the Yoast SEO plugin v18.9 - https:\/\/yoast.com\/wordpress\/plugins\/seo\/ -->\n<title>Sac \u00e0 dos cuir graiss\u00e9e une poche - Artesan\u00eda Ram\u00edrez Ruiz<\/title>\n<meta name=\"robots\" content=\"index, follow, max-snippet:-1, max-image-preview:large, max-video-preview:-1\" \/>\n<link rel=\"canonical\" href=\"https:\/\/artesaniaramirezruiz.com\/fr\/producto\/sac-a-dos-cuir-graissee-une-poche\/\" \/>\n<meta property=\"og:locale\" content=\"fr_FR\" \/>\n<meta property=\"og:type\" content=\"article\" \/>\n<meta property=\"og:title\" content=\"Sac \u00e0 dos cuir graiss\u00e9e une poche - Artesan\u00eda Ram\u00edrez Ruiz\" \/>\n<meta property=\"og:description\" content=\"Mod\u00e8le Adulte - REF0014 Enfant - REF0188   Sac \u00e0 dos d\u2019une poche en cuir graiss\u00e9e de grande qualit\u00e9. Inclue sac int\u00e9rieur imperm\u00e9able. (Toutes nos peaux ont \u00e9t\u00e9 trait\u00e9es de forme naturelle sans aucun ajout de produits chimiques).\" \/>\n<meta property=\"og:url\" content=\"https:\/\/artesaniaramirezruiz.com\/fr\/producto\/sac-a-dos-cuir-graissee-une-poche\/\" \/>\n<meta property=\"og:site_name\" content=\"Artesan\u00eda Ram\u00edrez Ruiz\" \/>\n<meta property=\"article:publisher\" content=\"https:\/\/www.facebook.com\/ArtesaniaRamirezRuiz\/\" \/>\n<meta property=\"article:modified_time\" content=\"2017-01-28T10:47:04+00:00\" \/>\n<meta property=\"og:image\" content=\"https:\/\/artesaniaramirezruiz.com\/wp-content\/uploads\/2016\/12\/REF0014-1.png\" \/>\n\t<meta property=\"og:image:width\" content=\"900\" \/>\n\t<meta property=\"og:image:height\" content=\"900\" \/>\n\t<meta property=\"og:image:type\" content=\"image\/png\" \/>\n<meta name=\"twitter:card\" content=\"summary\" \/>\n<script type=\"application\/ld+json\" class=\"yoast-schema-graph\">{\"@context\":\"https:\/\/schema.org\",\"@graph\":[{\"@type\":\"Organization\",\"@id\":\"https:\/\/artesaniaramirezruiz.com\/#organization\",\"name\":\"Artesan\u00eda Ram\u00edrez Ruiz\",\"url\":\"https:\/\/artesaniaramirezruiz.com\/\",\"sameAs\":[\"https:\/\/www.facebook.com\/ArtesaniaRamirezRuiz\/\"],\"logo\":{\"@type\":\"ImageObject\",\"inLanguage\":\"fr-FR\",\"@id\":\"https:\/\/artesaniaramirezruiz.com\/#\/schema\/logo\/image\/\",\"url\":\"https:\/\/artesaniaramirezruiz.com\/wp-content\/uploads\/2017\/01\/Logo152x51-gold.png\",\"contentUrl\":\"https:\/\/artesaniaramirezruiz.com\/wp-content\/uploads\/2017\/01\/Logo152x51-gold.png\",\"width\":298,\"height\":99,\"caption\":\"Artesan\u00eda Ram\u00edrez Ruiz\"},\"image\":{\"@id\":\"https:\/\/artesaniaramirezruiz.com\/#\/schema\/logo\/image\/\"}},{\"@type\":\"WebSite\",\"@id\":\"https:\/\/artesaniaramirezruiz.com\/#website\",\"url\":\"https:\/\/artesaniaramirezruiz.com\/\",\"name\":\"Artesan\u00eda Ram\u00edrez Ruiz\",\"description\":\"Otro sitio realizado con WordPress\",\"publisher\":{\"@id\":\"https:\/\/artesaniaramirezruiz.com\/#organization\"},\"potentialAction\":[{\"@type\":\"SearchAction\",\"target\":{\"@type\":\"EntryPoint\",\"urlTemplate\":\"https:\/\/artesaniaramirezruiz.com\/?s={search_term_string}\"},\"query-input\":\"required name=search_term_string\"}],\"inLanguage\":\"fr-FR\"},{\"@type\":\"ImageObject\",\"inLanguage\":\"fr-FR\",\"@id\":\"https:\/\/artesaniaramirezruiz.com\/fr\/producto\/sac-a-dos-cuir-graissee-une-poche\/#primaryimage\",\"url\":\"https:\/\/artesaniaramirezruiz.com\/wp-content\/uploads\/2016\/12\/REF0014-1.png\",\"contentUrl\":\"https:\/\/artesaniaramirezruiz.com\/wp-content\/uploads\/2016\/12\/REF0014-1.png\",\"width\":900,\"height\":900},{\"@type\":\"WebPage\",\"@id\":\"https:\/\/artesaniaramirezruiz.com\/fr\/producto\/sac-a-dos-cuir-graissee-une-poche\/#webpage\",\"url\":\"https:\/\/artesaniaramirezruiz.com\/fr\/producto\/sac-a-dos-cuir-graissee-une-poche\/\",\"name\":\"Sac \u00e0 dos cuir graiss\u00e9e une poche - Artesan\u00eda Ram\u00edrez Ruiz\",\"isPartOf\":{\"@id\":\"https:\/\/artesaniaramirezruiz.com\/#website\"},\"primaryImageOfPage\":{\"@id\":\"https:\/\/artesaniaramirezruiz.com\/fr\/producto\/sac-a-dos-cuir-graissee-une-poche\/#primaryimage\"},\"datePublished\":\"2016-10-23T10:01:13+00:00\",\"dateModified\":\"2017-01-28T10:47:04+00:00\",\"breadcrumb\":{\"@id\":\"https:\/\/artesaniaramirezruiz.com\/fr\/producto\/sac-a-dos-cuir-graissee-une-poche\/#breadcrumb\"},\"inLanguage\":\"fr-FR\",\"potentialAction\":[{\"@type\":\"ReadAction\",\"target\":[\"https:\/\/artesaniaramirezruiz.com\/fr\/producto\/sac-a-dos-cuir-graissee-une-poche\/\"]}]},{\"@type\":\"BreadcrumbList\",\"@id\":\"https:\/\/artesaniaramirezruiz.com\/fr\/producto\/sac-a-dos-cuir-graissee-une-poche\/#breadcrumb\",\"itemListElement\":[{\"@type\":\"ListItem\",\"position\":1,\"name\":\"Portada\",\"item\":\"https:\/\/artesaniaramirezruiz.com\/fr\/\"},{\"@type\":\"ListItem\",\"position\":2,\"name\":\"Tienda\",\"item\":\"https:\/\/artesaniaramirezruiz.com\/tienda\/\"},{\"@type\":\"ListItem\",\"position\":3,\"name\":\"Sac \u00e0 dos cuir graiss\u00e9e une poche\"}]}]}<\/script>\n<!-- \/ Yoast SEO plugin. -->","yoast_head_json":{"title":"Sac \u00e0 dos cuir graiss\u00e9e une poche - Artesan\u00eda Ram\u00edrez Ruiz","robots":{"index":"index","follow":"follow","max-snippet":"max-snippet:-1","max-image-preview":"max-image-preview:large","max-video-preview":"max-video-preview:-1"},"canonical":"https:\/\/artesaniaramirezruiz.com\/fr\/producto\/sac-a-dos-cuir-graissee-une-poche\/","og_locale":"fr_FR","og_type":"article","og_title":"Sac \u00e0 dos cuir graiss\u00e9e une poche - Artesan\u00eda Ram\u00edrez Ruiz","og_description":"Mod\u00e8le Adulte - REF0014 Enfant - REF0188   Sac \u00e0 dos d\u2019une poche en cuir graiss\u00e9e de grande qualit\u00e9. Inclue sac int\u00e9rieur imperm\u00e9able. (Toutes nos peaux ont \u00e9t\u00e9 trait\u00e9es de forme naturelle sans aucun ajout de produits chimiques).","og_url":"https:\/\/artesaniaramirezruiz.com\/fr\/producto\/sac-a-dos-cuir-graissee-une-poche\/","og_site_name":"Artesan\u00eda Ram\u00edrez Ruiz","article_publisher":"https:\/\/www.facebook.com\/ArtesaniaRamirezRuiz\/","article_modified_time":"2017-01-28T10:47:04+00:00","og_image":[{"width":900,"height":900,"url":"https:\/\/artesaniaramirezruiz.com\/wp-content\/uploads\/2016\/12\/REF0014-1.png","type":"image\/png"}],"twitter_card":"summary","schema":{"@context":"https:\/\/schema.org","@graph":[{"@type":"Organization","@id":"https:\/\/artesaniaramirezruiz.com\/#organization","name":"Artesan\u00eda Ram\u00edrez Ruiz","url":"https:\/\/artesaniaramirezruiz.com\/","sameAs":["https:\/\/www.facebook.com\/ArtesaniaRamirezRuiz\/"],"logo":{"@type":"ImageObject","inLanguage":"fr-FR","@id":"https:\/\/artesaniaramirezruiz.com\/#\/schema\/logo\/image\/","url":"https:\/\/artesaniaramirezruiz.com\/wp-content\/uploads\/2017\/01\/Logo152x51-gold.png","contentUrl":"https:\/\/artesaniaramirezruiz.com\/wp-content\/uploads\/2017\/01\/Logo152x51-gold.png","width":298,"height":99,"caption":"Artesan\u00eda Ram\u00edrez Ruiz"},"image":{"@id":"https:\/\/artesaniaramirezruiz.com\/#\/schema\/logo\/image\/"}},{"@type":"WebSite","@id":"https:\/\/artesaniaramirezruiz.com\/#website","url":"https:\/\/artesaniaramirezruiz.com\/","name":"Artesan\u00eda Ram\u00edrez Ruiz","description":"Otro sitio realizado con WordPress","publisher":{"@id":"https:\/\/artesaniaramirezruiz.com\/#organization"},"potentialAction":[{"@type":"SearchAction","target":{"@type":"EntryPoint","urlTemplate":"https:\/\/artesaniaramirezruiz.com\/?s={search_term_string}"},"query-input":"required name=search_term_string"}],"inLanguage":"fr-FR"},{"@type":"ImageObject","inLanguage":"fr-FR","@id":"https:\/\/artesaniaramirezruiz.com\/fr\/producto\/sac-a-dos-cuir-graissee-une-poche\/#primaryimage","url":"https:\/\/artesaniaramirezruiz.com\/wp-content\/uploads\/2016\/12\/REF0014-1.png","contentUrl":"https:\/\/artesaniaramirezruiz.com\/wp-content\/uploads\/2016\/12\/REF0014-1.png","width":900,"height":900},{"@type":"WebPage","@id":"https:\/\/artesaniaramirezruiz.com\/fr\/producto\/sac-a-dos-cuir-graissee-une-poche\/#webpage","url":"https:\/\/artesaniaramirezruiz.com\/fr\/producto\/sac-a-dos-cuir-graissee-une-poche\/","name":"Sac \u00e0 dos cuir graiss\u00e9e une poche - Artesan\u00eda Ram\u00edrez Ruiz","isPartOf":{"@id":"https:\/\/artesaniaramirezruiz.com\/#website"},"primaryImageOfPage":{"@id":"https:\/\/artesaniaramirezruiz.com\/fr\/producto\/sac-a-dos-cuir-graissee-une-poche\/#primaryimage"},"datePublished":"2016-10-23T10:01:13+00:00","dateModified":"2017-01-28T10:47:04+00:00","breadcrumb":{"@id":"https:\/\/artesaniaramirezruiz.com\/fr\/producto\/sac-a-dos-cuir-graissee-une-poche\/#breadcrumb"},"inLanguage":"fr-FR","potentialAction":[{"@type":"ReadAction","target":["https:\/\/artesaniaramirezruiz.com\/fr\/producto\/sac-a-dos-cuir-graissee-une-poche\/"]}]},{"@type":"BreadcrumbList","@id":"https:\/\/artesaniaramirezruiz.com\/fr\/producto\/sac-a-dos-cuir-graissee-une-poche\/#breadcrumb","itemListElement":[{"@type":"ListItem","position":1,"name":"Portada","item":"https:\/\/artesaniaramirezruiz.com\/fr\/"},{"@type":"ListItem","position":2,"name":"Tienda","item":"https:\/\/artesaniaramirezruiz.com\/tienda\/"},{"@type":"ListItem","position":3,"name":"Sac \u00e0 dos cuir graiss\u00e9e une poche"}]}]}},"_links":{"self":[{"href":"https:\/\/artesaniaramirezruiz.com\/fr\/wp-json\/wp\/v2\/product\/185"}],"collection":[{"href":"https:\/\/artesaniaramirezruiz.com\/fr\/wp-json\/wp\/v2\/product"}],"about":[{"href":"https:\/\/artesaniaramirezruiz.com\/fr\/wp-json\/wp\/v2\/types\/product"}],"replies":[{"embeddable":true,"href":"https:\/\/artesaniaramirezruiz.com\/fr\/wp-json\/wp\/v2\/comments?post=185"}],"wp:featuredmedia":[{"embeddable":true,"href":"https:\/\/artesaniaramirezruiz.com\/fr\/wp-json\/wp\/v2\/media\/1063"}],"wp:attachment":[{"href":"https:\/\/artesaniaramirezruiz.com\/fr\/wp-json\/wp\/v2\/media?parent=185"}],"wp:term":[{"taxonomy":"product_cat","embeddable":true,"href":"https:\/\/artesaniaramirezruiz.com\/fr\/wp-json\/wp\/v2\/product_cat?post=185"},{"taxonomy":"product_tag","embeddable":true,"href":"https:\/\/artesaniaramirezruiz.com\/fr\/wp-json\/wp\/v2\/product_tag?post=185"}],"curies":[{"name":"wp","href":"https:\/\/api.w.org\/{rel}","templated":true}]}}