{"id":274,"date":"2016-10-26T13:41:25","date_gmt":"2016-10-26T13:41:25","guid":{"rendered":"http:\/\/www.artesaniaramirezruiz.com\/producto\/collar-cuero-sillero\/?lang=fr"},"modified":"2017-01-23T23:25:29","modified_gmt":"2017-01-23T23:25:29","slug":"collier-cuir-sellier","status":"publish","type":"product","link":"https:\/\/artesaniaramirezruiz.com\/fr\/producto\/collier-cuir-sellier\/","title":{"rendered":"Collier cuir sellier"},"content":{"rendered":"","protected":false},"excerpt":{"rendered":"<p><select name=\"medida\"><option selected value=\"0\">Mesures disponibles <\/option><option value=\u201c3,5x70cm\u201d>3,5 x 70 cm &#8211; REF0113<\/option><option value=\u201c3x60cm\u201d>3 x 60 cm &#8211; REF0114<\/option><\/select><\/p>\n<p>Collier pour grand chien en cuir sellier de grande qualit\u00e9 et r\u00e9sistance, disponible en plusieurs dimensions. ((toutes nos peaux ont \u00e9t\u00e9 trait\u00e9es de forme naturelle sans aucun ajout de produits chimiques).<\/p>\n","protected":false},"featured_media":1853,"comment_status":"closed","ping_status":"closed","template":"","meta":[],"product_cat":[80,19],"product_tag":[],"yoast_head":"<!-- This site is optimized with the Yoast SEO plugin v18.9 - https:\/\/yoast.com\/wordpress\/plugins\/seo\/ -->\n<title>Collier cuir sellier - Artesan\u00eda Ram\u00edrez Ruiz<\/title>\n<meta name=\"robots\" content=\"index, follow, max-snippet:-1, max-image-preview:large, max-video-preview:-1\" \/>\n<link rel=\"canonical\" href=\"https:\/\/artesaniaramirezruiz.com\/fr\/producto\/collier-cuir-sellier\/\" \/>\n<meta property=\"og:locale\" content=\"fr_FR\" \/>\n<meta property=\"og:type\" content=\"article\" \/>\n<meta property=\"og:title\" content=\"Collier cuir sellier - Artesan\u00eda Ram\u00edrez Ruiz\" \/>\n<meta property=\"og:description\" content=\"Mesures disponibles  3,5 x 70 cm - REF0113 3 x 60 cm - REF0114   Collier pour grand chien en cuir sellier de grande qualit\u00e9 et r\u00e9sistance, disponible en plusieurs dimensions. ((toutes nos peaux ont \u00e9t\u00e9 trait\u00e9es de forme naturelle sans aucun ajout de produits chimiques).\" \/>\n<meta property=\"og:url\" content=\"https:\/\/artesaniaramirezruiz.com\/fr\/producto\/collier-cuir-sellier\/\" \/>\n<meta property=\"og:site_name\" content=\"Artesan\u00eda Ram\u00edrez Ruiz\" \/>\n<meta property=\"article:publisher\" content=\"https:\/\/www.facebook.com\/ArtesaniaRamirezRuiz\/\" \/>\n<meta property=\"article:modified_time\" content=\"2017-01-23T23:25:29+00:00\" \/>\n<meta property=\"og:image\" content=\"https:\/\/artesaniaramirezruiz.com\/wp-content\/uploads\/2017\/01\/REF113-REF0114.png\" \/>\n\t<meta property=\"og:image:width\" content=\"900\" \/>\n\t<meta property=\"og:image:height\" content=\"900\" \/>\n\t<meta property=\"og:image:type\" content=\"image\/png\" \/>\n<meta name=\"twitter:card\" content=\"summary\" \/>\n<script type=\"application\/ld+json\" class=\"yoast-schema-graph\">{\"@context\":\"https:\/\/schema.org\",\"@graph\":[{\"@type\":\"Organization\",\"@id\":\"https:\/\/artesaniaramirezruiz.com\/#organization\",\"name\":\"Artesan\u00eda Ram\u00edrez Ruiz\",\"url\":\"https:\/\/artesaniaramirezruiz.com\/\",\"sameAs\":[\"https:\/\/www.facebook.com\/ArtesaniaRamirezRuiz\/\"],\"logo\":{\"@type\":\"ImageObject\",\"inLanguage\":\"fr-FR\",\"@id\":\"https:\/\/artesaniaramirezruiz.com\/#\/schema\/logo\/image\/\",\"url\":\"https:\/\/artesaniaramirezruiz.com\/wp-content\/uploads\/2017\/01\/Logo152x51-gold.png\",\"contentUrl\":\"https:\/\/artesaniaramirezruiz.com\/wp-content\/uploads\/2017\/01\/Logo152x51-gold.png\",\"width\":298,\"height\":99,\"caption\":\"Artesan\u00eda Ram\u00edrez Ruiz\"},\"image\":{\"@id\":\"https:\/\/artesaniaramirezruiz.com\/#\/schema\/logo\/image\/\"}},{\"@type\":\"WebSite\",\"@id\":\"https:\/\/artesaniaramirezruiz.com\/#website\",\"url\":\"https:\/\/artesaniaramirezruiz.com\/\",\"name\":\"Artesan\u00eda Ram\u00edrez Ruiz\",\"description\":\"Otro sitio realizado con WordPress\",\"publisher\":{\"@id\":\"https:\/\/artesaniaramirezruiz.com\/#organization\"},\"potentialAction\":[{\"@type\":\"SearchAction\",\"target\":{\"@type\":\"EntryPoint\",\"urlTemplate\":\"https:\/\/artesaniaramirezruiz.com\/?s={search_term_string}\"},\"query-input\":\"required name=search_term_string\"}],\"inLanguage\":\"fr-FR\"},{\"@type\":\"ImageObject\",\"inLanguage\":\"fr-FR\",\"@id\":\"https:\/\/artesaniaramirezruiz.com\/fr\/producto\/collier-cuir-sellier\/#primaryimage\",\"url\":\"https:\/\/artesaniaramirezruiz.com\/wp-content\/uploads\/2017\/01\/REF113-REF0114.png\",\"contentUrl\":\"https:\/\/artesaniaramirezruiz.com\/wp-content\/uploads\/2017\/01\/REF113-REF0114.png\",\"width\":900,\"height\":900},{\"@type\":\"WebPage\",\"@id\":\"https:\/\/artesaniaramirezruiz.com\/fr\/producto\/collier-cuir-sellier\/#webpage\",\"url\":\"https:\/\/artesaniaramirezruiz.com\/fr\/producto\/collier-cuir-sellier\/\",\"name\":\"Collier cuir sellier - Artesan\u00eda Ram\u00edrez Ruiz\",\"isPartOf\":{\"@id\":\"https:\/\/artesaniaramirezruiz.com\/#website\"},\"primaryImageOfPage\":{\"@id\":\"https:\/\/artesaniaramirezruiz.com\/fr\/producto\/collier-cuir-sellier\/#primaryimage\"},\"datePublished\":\"2016-10-26T13:41:25+00:00\",\"dateModified\":\"2017-01-23T23:25:29+00:00\",\"breadcrumb\":{\"@id\":\"https:\/\/artesaniaramirezruiz.com\/fr\/producto\/collier-cuir-sellier\/#breadcrumb\"},\"inLanguage\":\"fr-FR\",\"potentialAction\":[{\"@type\":\"ReadAction\",\"target\":[\"https:\/\/artesaniaramirezruiz.com\/fr\/producto\/collier-cuir-sellier\/\"]}]},{\"@type\":\"BreadcrumbList\",\"@id\":\"https:\/\/artesaniaramirezruiz.com\/fr\/producto\/collier-cuir-sellier\/#breadcrumb\",\"itemListElement\":[{\"@type\":\"ListItem\",\"position\":1,\"name\":\"Portada\",\"item\":\"https:\/\/artesaniaramirezruiz.com\/fr\/\"},{\"@type\":\"ListItem\",\"position\":2,\"name\":\"Tienda\",\"item\":\"https:\/\/artesaniaramirezruiz.com\/tienda\/\"},{\"@type\":\"ListItem\",\"position\":3,\"name\":\"Collier cuir sellier\"}]}]}<\/script>\n<!-- \/ Yoast SEO plugin. -->","yoast_head_json":{"title":"Collier cuir sellier - Artesan\u00eda Ram\u00edrez Ruiz","robots":{"index":"index","follow":"follow","max-snippet":"max-snippet:-1","max-image-preview":"max-image-preview:large","max-video-preview":"max-video-preview:-1"},"canonical":"https:\/\/artesaniaramirezruiz.com\/fr\/producto\/collier-cuir-sellier\/","og_locale":"fr_FR","og_type":"article","og_title":"Collier cuir sellier - Artesan\u00eda Ram\u00edrez Ruiz","og_description":"Mesures disponibles  3,5 x 70 cm - REF0113 3 x 60 cm - REF0114   Collier pour grand chien en cuir sellier de grande qualit\u00e9 et r\u00e9sistance, disponible en plusieurs dimensions. ((toutes nos peaux ont \u00e9t\u00e9 trait\u00e9es de forme naturelle sans aucun ajout de produits chimiques).","og_url":"https:\/\/artesaniaramirezruiz.com\/fr\/producto\/collier-cuir-sellier\/","og_site_name":"Artesan\u00eda Ram\u00edrez Ruiz","article_publisher":"https:\/\/www.facebook.com\/ArtesaniaRamirezRuiz\/","article_modified_time":"2017-01-23T23:25:29+00:00","og_image":[{"width":900,"height":900,"url":"https:\/\/artesaniaramirezruiz.com\/wp-content\/uploads\/2017\/01\/REF113-REF0114.png","type":"image\/png"}],"twitter_card":"summary","schema":{"@context":"https:\/\/schema.org","@graph":[{"@type":"Organization","@id":"https:\/\/artesaniaramirezruiz.com\/#organization","name":"Artesan\u00eda Ram\u00edrez Ruiz","url":"https:\/\/artesaniaramirezruiz.com\/","sameAs":["https:\/\/www.facebook.com\/ArtesaniaRamirezRuiz\/"],"logo":{"@type":"ImageObject","inLanguage":"fr-FR","@id":"https:\/\/artesaniaramirezruiz.com\/#\/schema\/logo\/image\/","url":"https:\/\/artesaniaramirezruiz.com\/wp-content\/uploads\/2017\/01\/Logo152x51-gold.png","contentUrl":"https:\/\/artesaniaramirezruiz.com\/wp-content\/uploads\/2017\/01\/Logo152x51-gold.png","width":298,"height":99,"caption":"Artesan\u00eda Ram\u00edrez Ruiz"},"image":{"@id":"https:\/\/artesaniaramirezruiz.com\/#\/schema\/logo\/image\/"}},{"@type":"WebSite","@id":"https:\/\/artesaniaramirezruiz.com\/#website","url":"https:\/\/artesaniaramirezruiz.com\/","name":"Artesan\u00eda Ram\u00edrez Ruiz","description":"Otro sitio realizado con WordPress","publisher":{"@id":"https:\/\/artesaniaramirezruiz.com\/#organization"},"potentialAction":[{"@type":"SearchAction","target":{"@type":"EntryPoint","urlTemplate":"https:\/\/artesaniaramirezruiz.com\/?s={search_term_string}"},"query-input":"required name=search_term_string"}],"inLanguage":"fr-FR"},{"@type":"ImageObject","inLanguage":"fr-FR","@id":"https:\/\/artesaniaramirezruiz.com\/fr\/producto\/collier-cuir-sellier\/#primaryimage","url":"https:\/\/artesaniaramirezruiz.com\/wp-content\/uploads\/2017\/01\/REF113-REF0114.png","contentUrl":"https:\/\/artesaniaramirezruiz.com\/wp-content\/uploads\/2017\/01\/REF113-REF0114.png","width":900,"height":900},{"@type":"WebPage","@id":"https:\/\/artesaniaramirezruiz.com\/fr\/producto\/collier-cuir-sellier\/#webpage","url":"https:\/\/artesaniaramirezruiz.com\/fr\/producto\/collier-cuir-sellier\/","name":"Collier cuir sellier - Artesan\u00eda Ram\u00edrez Ruiz","isPartOf":{"@id":"https:\/\/artesaniaramirezruiz.com\/#website"},"primaryImageOfPage":{"@id":"https:\/\/artesaniaramirezruiz.com\/fr\/producto\/collier-cuir-sellier\/#primaryimage"},"datePublished":"2016-10-26T13:41:25+00:00","dateModified":"2017-01-23T23:25:29+00:00","breadcrumb":{"@id":"https:\/\/artesaniaramirezruiz.com\/fr\/producto\/collier-cuir-sellier\/#breadcrumb"},"inLanguage":"fr-FR","potentialAction":[{"@type":"ReadAction","target":["https:\/\/artesaniaramirezruiz.com\/fr\/producto\/collier-cuir-sellier\/"]}]},{"@type":"BreadcrumbList","@id":"https:\/\/artesaniaramirezruiz.com\/fr\/producto\/collier-cuir-sellier\/#breadcrumb","itemListElement":[{"@type":"ListItem","position":1,"name":"Portada","item":"https:\/\/artesaniaramirezruiz.com\/fr\/"},{"@type":"ListItem","position":2,"name":"Tienda","item":"https:\/\/artesaniaramirezruiz.com\/tienda\/"},{"@type":"ListItem","position":3,"name":"Collier cuir sellier"}]}]}},"_links":{"self":[{"href":"https:\/\/artesaniaramirezruiz.com\/fr\/wp-json\/wp\/v2\/product\/274"}],"collection":[{"href":"https:\/\/artesaniaramirezruiz.com\/fr\/wp-json\/wp\/v2\/product"}],"about":[{"href":"https:\/\/artesaniaramirezruiz.com\/fr\/wp-json\/wp\/v2\/types\/product"}],"replies":[{"embeddable":true,"href":"https:\/\/artesaniaramirezruiz.com\/fr\/wp-json\/wp\/v2\/comments?post=274"}],"wp:featuredmedia":[{"embeddable":true,"href":"https:\/\/artesaniaramirezruiz.com\/fr\/wp-json\/wp\/v2\/media\/1853"}],"wp:attachment":[{"href":"https:\/\/artesaniaramirezruiz.com\/fr\/wp-json\/wp\/v2\/media?parent=274"}],"wp:term":[{"taxonomy":"product_cat","embeddable":true,"href":"https:\/\/artesaniaramirezruiz.com\/fr\/wp-json\/wp\/v2\/product_cat?post=274"},{"taxonomy":"product_tag","embeddable":true,"href":"https:\/\/artesaniaramirezruiz.com\/fr\/wp-json\/wp\/v2\/product_tag?post=274"}],"curies":[{"name":"wp","href":"https:\/\/api.w.org\/{rel}","templated":true}]}}