{"id":739,"date":"2016-10-26T14:17:03","date_gmt":"2016-10-26T14:17:03","guid":{"rendered":"http:\/\/www.artesaniaramirezruiz.com\/product\/collier-espagne-et-cuir\/"},"modified":"2017-01-23T23:12:57","modified_gmt":"2017-01-23T23:12:57","slug":"collier-espagne-et-cuir","status":"publish","type":"product","link":"https:\/\/artesaniaramirezruiz.com\/fr\/producto\/collier-espagne-et-cuir\/","title":{"rendered":"Collier Espagne et cuir"},"content":{"rendered":"","protected":false},"excerpt":{"rendered":"<p><select name=\"medida\"><option selected value=\"0\">Mesures disponibles <\/option><option value=\u201c3x45cm\u201d>3 x 45 cm &#8211; REF0342<\/option><option value=\u201c3x50cm\u201d>3 x 50 cm &#8211; REF0340<\/option><option value=\u201c3x55cm\u201d>3 x 55 cm &#8211; REF0341<\/option><option value=\u201c3x60cm\u201d>3 x 60 cm &#8211; REF0350<\/option><option value=\u201c3x65cm\u201d>3 x 65 cm &#8211; REF0344<\/option><option value=\u201c3x70cm\u201d>3 x 70 cm &#8211; REF0409<\/option><option value=\u201c2x35cm\u201d>2 x 35 cm &#8211; REF0442<\/option><option value=\u201c2x45cm\u201d>2 x 45 cm &#8211; REF0441<\/option><\/select><\/p>\n<p class=\"p1\"><span class=\"s1\">Collier drapeau d\u00b4Espagne en bande de nylon renforc\u00e9 avec cuir velours de grande qualit\u00e9 et r\u00e9sistante, disponible en plusieurs dimensions. (Toutes nos peaux ont \u00e9t\u00e9 trait\u00e9es de forme naturelle sans aucun ajout de produits chimiques).<\/span><\/p>\n","protected":false},"featured_media":1880,"comment_status":"closed","ping_status":"closed","template":"","meta":[],"product_cat":[107,19],"product_tag":[],"yoast_head":"<!-- This site is optimized with the Yoast SEO plugin v18.9 - https:\/\/yoast.com\/wordpress\/plugins\/seo\/ -->\n<title>Collier Espagne et cuir - Artesan\u00eda Ram\u00edrez Ruiz<\/title>\n<meta name=\"robots\" content=\"index, follow, max-snippet:-1, max-image-preview:large, max-video-preview:-1\" \/>\n<link rel=\"canonical\" href=\"https:\/\/artesaniaramirezruiz.com\/fr\/producto\/collier-espagne-et-cuir\/\" \/>\n<meta property=\"og:locale\" content=\"fr_FR\" \/>\n<meta property=\"og:type\" content=\"article\" \/>\n<meta property=\"og:title\" content=\"Collier Espagne et cuir - Artesan\u00eda Ram\u00edrez Ruiz\" \/>\n<meta property=\"og:description\" content=\"Mesures disponibles  3 x 45 cm - REF0342 3 x 50 cm - REF0340 3 x 55 cm - REF0341 3 x 60 cm - REF0350 3 x 65 cm - REF0344 3 x 70 cm - REF0409 2 x 35 cm - REF0442 2 x 45 cm - REF0441   Collier drapeau d\u00b4Espagne en bande de nylon renforc\u00e9 avec cuir velours de grande qualit\u00e9 et r\u00e9sistante, disponible en plusieurs dimensions. (Toutes nos peaux ont \u00e9t\u00e9 trait\u00e9es de forme naturelle sans aucun ajout de produits chimiques).\" \/>\n<meta property=\"og:url\" content=\"https:\/\/artesaniaramirezruiz.com\/fr\/producto\/collier-espagne-et-cuir\/\" \/>\n<meta property=\"og:site_name\" content=\"Artesan\u00eda Ram\u00edrez Ruiz\" \/>\n<meta property=\"article:publisher\" content=\"https:\/\/www.facebook.com\/ArtesaniaRamirezRuiz\/\" \/>\n<meta property=\"article:modified_time\" content=\"2017-01-23T23:12:57+00:00\" \/>\n<meta property=\"og:image\" content=\"https:\/\/artesaniaramirezruiz.com\/wp-content\/uploads\/2017\/01\/REF040903440350034103400342.png\" \/>\n\t<meta property=\"og:image:width\" content=\"900\" \/>\n\t<meta property=\"og:image:height\" content=\"900\" \/>\n\t<meta property=\"og:image:type\" content=\"image\/png\" \/>\n<meta name=\"twitter:card\" content=\"summary\" \/>\n<script type=\"application\/ld+json\" class=\"yoast-schema-graph\">{\"@context\":\"https:\/\/schema.org\",\"@graph\":[{\"@type\":\"Organization\",\"@id\":\"https:\/\/artesaniaramirezruiz.com\/#organization\",\"name\":\"Artesan\u00eda Ram\u00edrez Ruiz\",\"url\":\"https:\/\/artesaniaramirezruiz.com\/\",\"sameAs\":[\"https:\/\/www.facebook.com\/ArtesaniaRamirezRuiz\/\"],\"logo\":{\"@type\":\"ImageObject\",\"inLanguage\":\"fr-FR\",\"@id\":\"https:\/\/artesaniaramirezruiz.com\/#\/schema\/logo\/image\/\",\"url\":\"https:\/\/artesaniaramirezruiz.com\/wp-content\/uploads\/2017\/01\/Logo152x51-gold.png\",\"contentUrl\":\"https:\/\/artesaniaramirezruiz.com\/wp-content\/uploads\/2017\/01\/Logo152x51-gold.png\",\"width\":298,\"height\":99,\"caption\":\"Artesan\u00eda Ram\u00edrez Ruiz\"},\"image\":{\"@id\":\"https:\/\/artesaniaramirezruiz.com\/#\/schema\/logo\/image\/\"}},{\"@type\":\"WebSite\",\"@id\":\"https:\/\/artesaniaramirezruiz.com\/#website\",\"url\":\"https:\/\/artesaniaramirezruiz.com\/\",\"name\":\"Artesan\u00eda Ram\u00edrez Ruiz\",\"description\":\"Otro sitio realizado con WordPress\",\"publisher\":{\"@id\":\"https:\/\/artesaniaramirezruiz.com\/#organization\"},\"potentialAction\":[{\"@type\":\"SearchAction\",\"target\":{\"@type\":\"EntryPoint\",\"urlTemplate\":\"https:\/\/artesaniaramirezruiz.com\/?s={search_term_string}\"},\"query-input\":\"required name=search_term_string\"}],\"inLanguage\":\"fr-FR\"},{\"@type\":\"ImageObject\",\"inLanguage\":\"fr-FR\",\"@id\":\"https:\/\/artesaniaramirezruiz.com\/fr\/producto\/collier-espagne-et-cuir\/#primaryimage\",\"url\":\"https:\/\/artesaniaramirezruiz.com\/wp-content\/uploads\/2017\/01\/REF040903440350034103400342.png\",\"contentUrl\":\"https:\/\/artesaniaramirezruiz.com\/wp-content\/uploads\/2017\/01\/REF040903440350034103400342.png\",\"width\":900,\"height\":900},{\"@type\":\"WebPage\",\"@id\":\"https:\/\/artesaniaramirezruiz.com\/fr\/producto\/collier-espagne-et-cuir\/#webpage\",\"url\":\"https:\/\/artesaniaramirezruiz.com\/fr\/producto\/collier-espagne-et-cuir\/\",\"name\":\"Collier Espagne et cuir - Artesan\u00eda Ram\u00edrez Ruiz\",\"isPartOf\":{\"@id\":\"https:\/\/artesaniaramirezruiz.com\/#website\"},\"primaryImageOfPage\":{\"@id\":\"https:\/\/artesaniaramirezruiz.com\/fr\/producto\/collier-espagne-et-cuir\/#primaryimage\"},\"datePublished\":\"2016-10-26T14:17:03+00:00\",\"dateModified\":\"2017-01-23T23:12:57+00:00\",\"breadcrumb\":{\"@id\":\"https:\/\/artesaniaramirezruiz.com\/fr\/producto\/collier-espagne-et-cuir\/#breadcrumb\"},\"inLanguage\":\"fr-FR\",\"potentialAction\":[{\"@type\":\"ReadAction\",\"target\":[\"https:\/\/artesaniaramirezruiz.com\/fr\/producto\/collier-espagne-et-cuir\/\"]}]},{\"@type\":\"BreadcrumbList\",\"@id\":\"https:\/\/artesaniaramirezruiz.com\/fr\/producto\/collier-espagne-et-cuir\/#breadcrumb\",\"itemListElement\":[{\"@type\":\"ListItem\",\"position\":1,\"name\":\"Portada\",\"item\":\"https:\/\/artesaniaramirezruiz.com\/fr\/\"},{\"@type\":\"ListItem\",\"position\":2,\"name\":\"Tienda\",\"item\":\"https:\/\/artesaniaramirezruiz.com\/tienda\/\"},{\"@type\":\"ListItem\",\"position\":3,\"name\":\"Collier Espagne et cuir\"}]}]}<\/script>\n<!-- \/ Yoast SEO plugin. -->","yoast_head_json":{"title":"Collier Espagne et cuir - Artesan\u00eda Ram\u00edrez Ruiz","robots":{"index":"index","follow":"follow","max-snippet":"max-snippet:-1","max-image-preview":"max-image-preview:large","max-video-preview":"max-video-preview:-1"},"canonical":"https:\/\/artesaniaramirezruiz.com\/fr\/producto\/collier-espagne-et-cuir\/","og_locale":"fr_FR","og_type":"article","og_title":"Collier Espagne et cuir - Artesan\u00eda Ram\u00edrez Ruiz","og_description":"Mesures disponibles  3 x 45 cm - REF0342 3 x 50 cm - REF0340 3 x 55 cm - REF0341 3 x 60 cm - REF0350 3 x 65 cm - REF0344 3 x 70 cm - REF0409 2 x 35 cm - REF0442 2 x 45 cm - REF0441   Collier drapeau d\u00b4Espagne en bande de nylon renforc\u00e9 avec cuir velours de grande qualit\u00e9 et r\u00e9sistante, disponible en plusieurs dimensions. (Toutes nos peaux ont \u00e9t\u00e9 trait\u00e9es de forme naturelle sans aucun ajout de produits chimiques).","og_url":"https:\/\/artesaniaramirezruiz.com\/fr\/producto\/collier-espagne-et-cuir\/","og_site_name":"Artesan\u00eda Ram\u00edrez Ruiz","article_publisher":"https:\/\/www.facebook.com\/ArtesaniaRamirezRuiz\/","article_modified_time":"2017-01-23T23:12:57+00:00","og_image":[{"width":900,"height":900,"url":"https:\/\/artesaniaramirezruiz.com\/wp-content\/uploads\/2017\/01\/REF040903440350034103400342.png","type":"image\/png"}],"twitter_card":"summary","schema":{"@context":"https:\/\/schema.org","@graph":[{"@type":"Organization","@id":"https:\/\/artesaniaramirezruiz.com\/#organization","name":"Artesan\u00eda Ram\u00edrez Ruiz","url":"https:\/\/artesaniaramirezruiz.com\/","sameAs":["https:\/\/www.facebook.com\/ArtesaniaRamirezRuiz\/"],"logo":{"@type":"ImageObject","inLanguage":"fr-FR","@id":"https:\/\/artesaniaramirezruiz.com\/#\/schema\/logo\/image\/","url":"https:\/\/artesaniaramirezruiz.com\/wp-content\/uploads\/2017\/01\/Logo152x51-gold.png","contentUrl":"https:\/\/artesaniaramirezruiz.com\/wp-content\/uploads\/2017\/01\/Logo152x51-gold.png","width":298,"height":99,"caption":"Artesan\u00eda Ram\u00edrez Ruiz"},"image":{"@id":"https:\/\/artesaniaramirezruiz.com\/#\/schema\/logo\/image\/"}},{"@type":"WebSite","@id":"https:\/\/artesaniaramirezruiz.com\/#website","url":"https:\/\/artesaniaramirezruiz.com\/","name":"Artesan\u00eda Ram\u00edrez Ruiz","description":"Otro sitio realizado con WordPress","publisher":{"@id":"https:\/\/artesaniaramirezruiz.com\/#organization"},"potentialAction":[{"@type":"SearchAction","target":{"@type":"EntryPoint","urlTemplate":"https:\/\/artesaniaramirezruiz.com\/?s={search_term_string}"},"query-input":"required name=search_term_string"}],"inLanguage":"fr-FR"},{"@type":"ImageObject","inLanguage":"fr-FR","@id":"https:\/\/artesaniaramirezruiz.com\/fr\/producto\/collier-espagne-et-cuir\/#primaryimage","url":"https:\/\/artesaniaramirezruiz.com\/wp-content\/uploads\/2017\/01\/REF040903440350034103400342.png","contentUrl":"https:\/\/artesaniaramirezruiz.com\/wp-content\/uploads\/2017\/01\/REF040903440350034103400342.png","width":900,"height":900},{"@type":"WebPage","@id":"https:\/\/artesaniaramirezruiz.com\/fr\/producto\/collier-espagne-et-cuir\/#webpage","url":"https:\/\/artesaniaramirezruiz.com\/fr\/producto\/collier-espagne-et-cuir\/","name":"Collier Espagne et cuir - Artesan\u00eda Ram\u00edrez Ruiz","isPartOf":{"@id":"https:\/\/artesaniaramirezruiz.com\/#website"},"primaryImageOfPage":{"@id":"https:\/\/artesaniaramirezruiz.com\/fr\/producto\/collier-espagne-et-cuir\/#primaryimage"},"datePublished":"2016-10-26T14:17:03+00:00","dateModified":"2017-01-23T23:12:57+00:00","breadcrumb":{"@id":"https:\/\/artesaniaramirezruiz.com\/fr\/producto\/collier-espagne-et-cuir\/#breadcrumb"},"inLanguage":"fr-FR","potentialAction":[{"@type":"ReadAction","target":["https:\/\/artesaniaramirezruiz.com\/fr\/producto\/collier-espagne-et-cuir\/"]}]},{"@type":"BreadcrumbList","@id":"https:\/\/artesaniaramirezruiz.com\/fr\/producto\/collier-espagne-et-cuir\/#breadcrumb","itemListElement":[{"@type":"ListItem","position":1,"name":"Portada","item":"https:\/\/artesaniaramirezruiz.com\/fr\/"},{"@type":"ListItem","position":2,"name":"Tienda","item":"https:\/\/artesaniaramirezruiz.com\/tienda\/"},{"@type":"ListItem","position":3,"name":"Collier Espagne et cuir"}]}]}},"_links":{"self":[{"href":"https:\/\/artesaniaramirezruiz.com\/fr\/wp-json\/wp\/v2\/product\/739"}],"collection":[{"href":"https:\/\/artesaniaramirezruiz.com\/fr\/wp-json\/wp\/v2\/product"}],"about":[{"href":"https:\/\/artesaniaramirezruiz.com\/fr\/wp-json\/wp\/v2\/types\/product"}],"replies":[{"embeddable":true,"href":"https:\/\/artesaniaramirezruiz.com\/fr\/wp-json\/wp\/v2\/comments?post=739"}],"wp:featuredmedia":[{"embeddable":true,"href":"https:\/\/artesaniaramirezruiz.com\/fr\/wp-json\/wp\/v2\/media\/1880"}],"wp:attachment":[{"href":"https:\/\/artesaniaramirezruiz.com\/fr\/wp-json\/wp\/v2\/media?parent=739"}],"wp:term":[{"taxonomy":"product_cat","embeddable":true,"href":"https:\/\/artesaniaramirezruiz.com\/fr\/wp-json\/wp\/v2\/product_cat?post=739"},{"taxonomy":"product_tag","embeddable":true,"href":"https:\/\/artesaniaramirezruiz.com\/fr\/wp-json\/wp\/v2\/product_tag?post=739"}],"curies":[{"name":"wp","href":"https:\/\/api.w.org\/{rel}","templated":true}]}}